{"id":9117,"date":"2025-04-08T08:06:30","date_gmt":"2025-04-08T06:06:30","guid":{"rendered":"https:\/\/eshop.elastolith.sk\/visszateritesi-es-reklamacios-politika\/"},"modified":"2025-06-05T13:41:15","modified_gmt":"2025-06-05T11:41:15","slug":"visszateritesi-es-reklamacios-politika","status":"publish","type":"page","link":"https:\/\/eshop.elastolith.sk\/hu\/visszateritesi-es-reklamacios-politika\/","title":{"rendered":"Visszat\u00e9r\u00edt\u00e9si \u00e9s reklam\u00e1ci\u00f3s felt\u00e9telek"},"content":{"rendered":"<p><b>Ez egy mintaoldal.<\/b><\/p><h2 class=\"wp-block-heading\">\u00c1ttekint\u00e9s<\/h2><p>A p\u00e9nzvisszat\u00e9r\u00edt\u00e9si \u00e9s term\u00e9kvisszav\u00e9teli szab\u00e1lyzatunk 30 napig tart. Amennyiben a v\u00e1s\u00e1rl\u00e1s \u00f3ta eltelt 30 nap, nem tudunk teljes visszat\u00e9r\u00edt\u00e9st vagy cser\u00e9t biztos\u00edtani. <\/p><p>A visszak\u00fcld\u00e9sn\u00e9l sz\u00fcks\u00e9ges, hogy a term\u00e9khaszn\u00e1laton k\u00edv\u00fcli, eredeti \u00e1llapotban legyen. A term\u00e9knek eredeti csomagol\u00e1sban kell lennie. <\/p><p>T\u00f6bb \u00e1rut\u00edpus mentes\u00fcl a visszak\u00fcld\u00e9s al\u00f3l. A romland\u00f3 \u00e1ruk (pld. az \u00e9lelmiszerek, vir\u00e1gok), valamint az \u00fajs\u00e1gok \u00e9s foly\u00f3iratok nem k\u00fcldhet\u0151k vissza. Nem fogadunk el intim vagy eg\u00e9szs\u00e9g\u00fcgyi jelleg\u0171 term\u00e9keket sem, vesz\u00e9lyes anyagokat, gy\u00fal\u00e9kony folyad\u00e9kokat vagy g\u00e1zokat.  <\/p><p>Tov\u00e1bbi nem visszav\u00e1lthat\u00f3 t\u00e9telek:<\/p><ul class=\"wp-block-list\">\n<li>Aj\u00e1nd\u00e9kk\u00e1rty\u00e1k<\/li>\n<li>Let\u00f6lthet\u0151 szoftverterm\u00e9kek<\/li>\n<li>Bizonyos eg\u00e9szs\u00e9g\u00fcgyi \u00e9s test\u00e1pol\u00e1si term\u00e9kek<\/li>\n<\/ul><p>A term\u00e9kvisszav\u00e9tel lebonyol\u00edt\u00e1s\u00e1hoz sz\u00fcks\u00e9g\u00fcnk van a v\u00e1s\u00e1rl\u00e1st igazol\u00f3 nyugt\u00e1ra vagy bizonylatra.<\/p><p>K\u00e9rj\u00fck, ne k\u00fcldje vissza a term\u00e9ket a gy\u00e1rt\u00f3nak.<\/p><p>Bizonyos helyzetekben csak r\u00e9szleges visszat\u00e9r\u00edt\u00e9sre ker\u00fcl sor:<\/p><ul class=\"wp-block-list\">\n<li>Nyilv\u00e1nval\u00f3 haszn\u00e1lati nyomokkal rendelkez\u0151 k\u00f6nyv.<\/li>\n<li>Felbontott CD, DVD, VHS-szalag, szoftver, videoj\u00e1t\u00e9k, kazetta vagy bakelitlemez.<\/li>\n<li>B\u00e1rmely olyan term\u00e9k, amely nem az eredeti \u00e1llapot\u00e1ban van, s\u00e9r\u00fclt vagy hi\u00e1nyzik bel\u0151le bizonyos r\u00e9sz, mik\u00f6zben ezek a hi\u00e1nyoss\u00e1gok nem a mi hib\u00e1nkb\u00f3l keletkeztek.<\/li>\n<li>B\u00e1rmely olyan term\u00e9k, amelyet a sz\u00e1ll\u00edt\u00e1st\u00f3l sz\u00e1m\u00edtott 30 napn\u00e1l hosszabb id\u0151n bel\u00fcl visszak\u00fcldenek.<\/li>\n<\/ul><h2 class=\"wp-block-heading\">Visszat\u00e9r\u00edt\u00e9s<\/h2><p>Miut\u00e1n a visszak\u00fcld\u00f6tt term\u00e9ket megkaptuk \u00e9s ellen\u0151rizt\u00fck, k\u00fcld\u00fcnk \u00d6nnek egy e-mailt, amelyben \u00e9rtes\u00edtj\u00fck, hogy megkaptuk a visszak\u00fcld\u00f6tt term\u00e9ket. A visszat\u00e9r\u00edt\u00e9s j\u00f3v\u00e1hagy\u00e1s\u00e1r\u00f3l vagy elutas\u00edt\u00e1s\u00e1r\u00f3l is \u00e9rtes\u00edtj\u00fck \u00d6nt. <\/p><p>Amennyiben j\u00f3v\u00e1hagy\u00e1sra ker\u00fcl sor, a visszat\u00e9r\u00edt\u00e9st feldolgozzuk \u00e9s bizonyos napon bel\u00fcl automatikusan j\u00f3v\u00e1\u00edrjuk az \u00d6n hitelk\u00e1rty\u00e1j\u00e1n vagy eredeti fizet\u00e9si m\u00f3dj\u00e1n.<\/p><h3 class=\"wp-block-heading\">K\u00e9sedelmes vagy hi\u00e1nyz\u00f3 visszat\u00e9r\u00edt\u00e9sek<\/h3><p>Amennyiben nem kapta meg a visszat\u00e9r\u00edt\u00e9st, ellen\u0151rizze \u00fajra a banksz\u00e1ml\u00e1j\u00e1t.<\/p><p>Ezut\u00e1n l\u00e9pjen kapcsolatba a hitelk\u00e1rtya-t\u00e1rsas\u00e1ggal, mert eltarthat egy ideig, am\u00edg a visszat\u00e9r\u00edt\u00e9st hivatalosan is elk\u00fcldik.<\/p><p>Ezut\u00e1n l\u00e9pjen kapcsolatba a bankj\u00e1val. A visszat\u00e9r\u00edt\u00e9s k\u00f6nyvel\u00e9se gyakran n\u00e9mi feldolgoz\u00e1si id\u0151t vesz ig\u00e9nybe. <\/p><p>Ha mindezt megtette, \u00e9s m\u00e9g mindig nem kapta meg a visszat\u00e9r\u00edt\u00e9st, k\u00e9rj\u00fck, l\u00e9pjen kapcsolatba vel\u00fcnk e-mailben vagy telefonon.<\/p><h3 class=\"wp-block-heading\">Ki\u00e1rus\u00edt\u00e1si t\u00e9telek<\/h3><p>Csup\u00e1n hivatalos \u00e1r\u00fa t\u00e9telek t\u00e9r\u00edthet\u0151k vissza. Az akci\u00f3s t\u00e9telek nem t\u00e9r\u00edthet\u0151k vissza. <\/p><h2 class=\"wp-block-heading\">Cser\u00e9k<\/h2><p>Kiz\u00e1r\u00f3lag akkor cser\u00e9lj\u00fck ki a term\u00e9ket, ha ez hib\u00e1s vagy s\u00e9r\u00fclt. Ha ugyanarra a term\u00e9kre szeretn\u00e9 kicser\u00e9lni, k\u00fcldj\u00f6n nek\u00fcnk egy e-mailt, valamint k\u00fcldje el a term\u00e9ket a postac\u00edm\u00fcnkre. <\/p><h2 class=\"wp-block-heading\">Aj\u00e1nd\u00e9kok<\/h2><p>Amennyiben a term\u00e9ket a v\u00e1s\u00e1rl\u00e1sn\u00e1l aj\u00e1nd\u00e9kk\u00e9nt jel\u00f6lt\u00e9k meg \u00e9s k\u00f6zvetlen\u00fcl \u00d6nnek k\u00fcldt\u00e9k, akkor a visszak\u00fcld\u00f6tt term\u00e9k \u00e9rt\u00e9k\u00e9nek megfelel\u0151 \u00f6sszeg\u0171 aj\u00e1nd\u00e9kj\u00f3v\u00e1\u00edr\u00e1st kap. Amint a visszak\u00fcld\u00f6tt term\u00e9k be\u00e9rkezik, az aj\u00e1nd\u00e9kutalv\u00e1nyt post\u00e1zzuk \u00d6nnek. <\/p><p>Amennyiben a term\u00e9ket v\u00e1s\u00e1rl\u00e1skor nem jel\u00f6lt\u00e9k meg aj\u00e1nd\u00e9kk\u00e9nt, vagy az aj\u00e1nd\u00e9koz\u00f3 saj\u00e1t mag\u00e1nak k\u00fcldte el a rendel\u00e9st, hogy k\u00e9s\u0151bb \u00e1tadja \u00d6nnek, akkor visszat\u00e9r\u00edt\u00e9st k\u00fcld\u00fcnk az aj\u00e1nd\u00e9koz\u00f3nak \u00e9s az \u00e9rtes\u00fcl a visszak\u00fcld\u00e9sr\u0151l.<\/p><h2 class=\"wp-block-heading\">Sz\u00e1ll\u00edt\u00e1si visszat\u00e9r\u00edt\u00e9sek<\/h2><p>A term\u00e9k visszak\u00fcld\u00e9s\u00e9hez a term\u00e9ket a k\u00f6vetkez\u0151 c\u00edmre kell post\u00e1znia: {fizikai c\u00edm}.<\/p><p>A term\u00e9k visszak\u00fcld\u00e9s\u00e9nek sz\u00e1ll\u00edt\u00e1si k\u00f6lts\u00e9geit \u00d6n maga viseli. A sz\u00e1ll\u00edt\u00e1si k\u00f6lts\u00e9gek nem visszat\u00e9r\u00edthet\u0151k. Ha visszat\u00e9r\u00edt\u00e9st kap, a visszak\u00fcld\u00e9s k\u00f6lts\u00e9ge levon\u00e1sra ker\u00fcl a visszat\u00e9r\u00edt\u00e9sb\u0151l.  <\/p><p>Att\u00f3l f\u00fcgg\u0151en, hogy hol lakik, a kicser\u00e9lt term\u00e9k sz\u00e1ll\u00edt\u00e1si ideje elt\u00e9r\u0151 lehet.<\/p><p>Ha dr\u00e1g\u00e1bb term\u00e9keket k\u00fcld vissza, fontolja meg, hogy nyomon k\u00f6vethet\u0151 sz\u00e1ll\u00edt\u00e1si szolg\u00e1ltat\u00e1st vesz ig\u00e9nybe, vagy sz\u00e1ll\u00edt\u00e1si biztos\u00edt\u00e1st k\u00f6t. Nem garant\u00e1ljuk, hogy megkapjuk a visszak\u00fcld\u00f6tt term\u00e9ket. <\/p><h2 class=\"wp-block-heading\">Seg\u00edts\u00e9gre van sz\u00fcks\u00e9ge?<\/h2><p>A visszat\u00e9r\u00edt\u00e9ssel \u00e9s a visszak\u00fcld\u00e9ssel kapcsolatos k\u00e9rd\u00e9sekben forduljon hozz\u00e1nk az {email} e-mail c\u00edm\u00fcnk\u00f6n.<\/p>","protected":false},"excerpt":{"rendered":"<p>Ez egy mintaoldal. \u00c1ttekint\u00e9s A p\u00e9nzvisszat\u00e9r\u00edt\u00e9si \u00e9s term\u00e9kvisszav\u00e9teli szab\u00e1lyzatunk 30 napig tart. Amennyiben a v\u00e1s\u00e1rl\u00e1s \u00f3ta eltelt 30 nap, nem tudunk teljes visszat\u00e9r\u00edt\u00e9st vagy cser\u00e9t biztos\u00edtani. A visszak\u00fcld\u00e9sn\u00e9l sz\u00fcks\u00e9ges, hogy a term\u00e9khaszn\u00e1laton k\u00edv\u00fcli, eredeti \u00e1llapotban legyen. A term\u00e9knek eredeti csomagol\u00e1sban kell lennie. T\u00f6bb \u00e1rut\u00edpus mentes\u00fcl a visszak\u00fcld\u00e9s al\u00f3l. A romland\u00f3 \u00e1ruk (pld. az \u00e9lelmiszerek, vir\u00e1gok), [&hellip;]<\/p>\n","protected":false},"author":1,"featured_media":0,"parent":0,"menu_order":0,"comment_status":"closed","ping_status":"closed","template":"","meta":{"footnotes":""},"class_list":["post-9117","page","type-page","status-publish","hentry"],"yoast_head":"<!-- This site is optimized with the Yoast SEO plugin v19.14 - https:\/\/yoast.com\/wordpress\/plugins\/seo\/ -->\n<title>Visszat\u00e9r\u00edt\u00e9si \u00e9s reklam\u00e1ci\u00f3s felt\u00e9telek - Tehlov\u00e9 obklady Elastolith<\/title>\n<meta name=\"robots\" content=\"index, follow, max-snippet:-1, max-image-preview:large, max-video-preview:-1\" \/>\n<link rel=\"canonical\" href=\"https:\/\/eshop.elastolith.sk\/hu\/visszateritesi-es-reklamacios-politika\/\" \/>\n<meta property=\"og:locale\" content=\"hu_HU\" \/>\n<meta property=\"og:type\" content=\"article\" \/>\n<meta property=\"og:title\" content=\"Visszat\u00e9r\u00edt\u00e9si \u00e9s reklam\u00e1ci\u00f3s felt\u00e9telek - Tehlov\u00e9 obklady Elastolith\" \/>\n<meta property=\"og:description\" content=\"Ez egy mintaoldal. \u00c1ttekint\u00e9s A p\u00e9nzvisszat\u00e9r\u00edt\u00e9si \u00e9s term\u00e9kvisszav\u00e9teli szab\u00e1lyzatunk 30 napig tart. Amennyiben a v\u00e1s\u00e1rl\u00e1s \u00f3ta eltelt 30 nap, nem tudunk teljes visszat\u00e9r\u00edt\u00e9st vagy cser\u00e9t biztos\u00edtani. A visszak\u00fcld\u00e9sn\u00e9l sz\u00fcks\u00e9ges, hogy a term\u00e9khaszn\u00e1laton k\u00edv\u00fcli, eredeti \u00e1llapotban legyen. A term\u00e9knek eredeti csomagol\u00e1sban kell lennie. T\u00f6bb \u00e1rut\u00edpus mentes\u00fcl a visszak\u00fcld\u00e9s al\u00f3l. A romland\u00f3 \u00e1ruk (pld. az \u00e9lelmiszerek, vir\u00e1gok), [&hellip;]\" \/>\n<meta property=\"og:url\" content=\"https:\/\/eshop.elastolith.sk\/hu\/visszateritesi-es-reklamacios-politika\/\" \/>\n<meta property=\"og:site_name\" content=\"Tehlov\u00e9 obklady Elastolith\" \/>\n<meta property=\"article:modified_time\" content=\"2025-06-05T11:41:15+00:00\" \/>\n<meta name=\"twitter:card\" content=\"summary_large_image\" \/>\n<meta name=\"twitter:label1\" content=\"Becs\u00fclt olvas\u00e1si id\u0151\" \/>\n\t<meta name=\"twitter:data1\" content=\"4 perc\" \/>\n<script type=\"application\/ld+json\" class=\"yoast-schema-graph\">{\"@context\":\"https:\/\/schema.org\",\"@graph\":[{\"@type\":\"WebPage\",\"@id\":\"https:\/\/eshop.elastolith.sk\/hu\/visszateritesi-es-reklamacios-politika\/\",\"url\":\"https:\/\/eshop.elastolith.sk\/hu\/visszateritesi-es-reklamacios-politika\/\",\"name\":\"Visszat\u00e9r\u00edt\u00e9si \u00e9s reklam\u00e1ci\u00f3s felt\u00e9telek - Tehlov\u00e9 obklady Elastolith\",\"isPartOf\":{\"@id\":\"https:\/\/eshop.elastolith.sk\/hu\/#website\"},\"datePublished\":\"2025-04-08T06:06:30+00:00\",\"dateModified\":\"2025-06-05T11:41:15+00:00\",\"breadcrumb\":{\"@id\":\"https:\/\/eshop.elastolith.sk\/hu\/visszateritesi-es-reklamacios-politika\/#breadcrumb\"},\"inLanguage\":\"hu\",\"potentialAction\":[{\"@type\":\"ReadAction\",\"target\":[\"https:\/\/eshop.elastolith.sk\/hu\/visszateritesi-es-reklamacios-politika\/\"]}]},{\"@type\":\"BreadcrumbList\",\"@id\":\"https:\/\/eshop.elastolith.sk\/hu\/visszateritesi-es-reklamacios-politika\/#breadcrumb\",\"itemListElement\":[{\"@type\":\"ListItem\",\"position\":1,\"name\":\"Home\",\"item\":\"https:\/\/eshop.elastolith.sk\/hu\/\"},{\"@type\":\"ListItem\",\"position\":2,\"name\":\"Visszat\u00e9r\u00edt\u00e9si \u00e9s reklam\u00e1ci\u00f3s felt\u00e9telek\"}]},{\"@type\":\"WebSite\",\"@id\":\"https:\/\/eshop.elastolith.sk\/hu\/#website\",\"url\":\"https:\/\/eshop.elastolith.sk\/hu\/\",\"name\":\"Tehlov\u00e9 obklady Elastolith\",\"description\":\"\",\"publisher\":{\"@id\":\"https:\/\/eshop.elastolith.sk\/hu\/#organization\"},\"potentialAction\":[{\"@type\":\"SearchAction\",\"target\":{\"@type\":\"EntryPoint\",\"urlTemplate\":\"https:\/\/eshop.elastolith.sk\/hu\/?s={search_term_string}\"},\"query-input\":\"required name=search_term_string\"}],\"inLanguage\":\"hu\"},{\"@type\":\"Organization\",\"@id\":\"https:\/\/eshop.elastolith.sk\/hu\/#organization\",\"name\":\"Tehlov\u00e9 obklady Elastolith\",\"url\":\"https:\/\/eshop.elastolith.sk\/hu\/\",\"logo\":{\"@type\":\"ImageObject\",\"inLanguage\":\"hu\",\"@id\":\"https:\/\/eshop.elastolith.sk\/hu\/#\/schema\/logo\/image\/\",\"url\":\"https:\/\/eshop.elastolith.sk\/wp-content\/uploads\/2024\/06\/cropped-elastolith-logo.jpg\",\"contentUrl\":\"https:\/\/eshop.elastolith.sk\/wp-content\/uploads\/2024\/06\/cropped-elastolith-logo.jpg\",\"width\":906,\"height\":321,\"caption\":\"Tehlov\u00e9 obklady Elastolith\"},\"image\":{\"@id\":\"https:\/\/eshop.elastolith.sk\/hu\/#\/schema\/logo\/image\/\"}}]}<\/script>\n<!-- \/ Yoast SEO plugin. -->","yoast_head_json":{"title":"Visszat\u00e9r\u00edt\u00e9si \u00e9s reklam\u00e1ci\u00f3s felt\u00e9telek - Tehlov\u00e9 obklady Elastolith","robots":{"index":"index","follow":"follow","max-snippet":"max-snippet:-1","max-image-preview":"max-image-preview:large","max-video-preview":"max-video-preview:-1"},"canonical":"https:\/\/eshop.elastolith.sk\/hu\/visszateritesi-es-reklamacios-politika\/","og_locale":"hu_HU","og_type":"article","og_title":"Visszat\u00e9r\u00edt\u00e9si \u00e9s reklam\u00e1ci\u00f3s felt\u00e9telek - Tehlov\u00e9 obklady Elastolith","og_description":"Ez egy mintaoldal. \u00c1ttekint\u00e9s A p\u00e9nzvisszat\u00e9r\u00edt\u00e9si \u00e9s term\u00e9kvisszav\u00e9teli szab\u00e1lyzatunk 30 napig tart. Amennyiben a v\u00e1s\u00e1rl\u00e1s \u00f3ta eltelt 30 nap, nem tudunk teljes visszat\u00e9r\u00edt\u00e9st vagy cser\u00e9t biztos\u00edtani. A visszak\u00fcld\u00e9sn\u00e9l sz\u00fcks\u00e9ges, hogy a term\u00e9khaszn\u00e1laton k\u00edv\u00fcli, eredeti \u00e1llapotban legyen. A term\u00e9knek eredeti csomagol\u00e1sban kell lennie. T\u00f6bb \u00e1rut\u00edpus mentes\u00fcl a visszak\u00fcld\u00e9s al\u00f3l. A romland\u00f3 \u00e1ruk (pld. az \u00e9lelmiszerek, vir\u00e1gok), [&hellip;]","og_url":"https:\/\/eshop.elastolith.sk\/hu\/visszateritesi-es-reklamacios-politika\/","og_site_name":"Tehlov\u00e9 obklady Elastolith","article_modified_time":"2025-06-05T11:41:15+00:00","twitter_card":"summary_large_image","twitter_misc":{"Becs\u00fclt olvas\u00e1si id\u0151":"4 perc"},"schema":{"@context":"https:\/\/schema.org","@graph":[{"@type":"WebPage","@id":"https:\/\/eshop.elastolith.sk\/hu\/visszateritesi-es-reklamacios-politika\/","url":"https:\/\/eshop.elastolith.sk\/hu\/visszateritesi-es-reklamacios-politika\/","name":"Visszat\u00e9r\u00edt\u00e9si \u00e9s reklam\u00e1ci\u00f3s felt\u00e9telek - Tehlov\u00e9 obklady Elastolith","isPartOf":{"@id":"https:\/\/eshop.elastolith.sk\/hu\/#website"},"datePublished":"2025-04-08T06:06:30+00:00","dateModified":"2025-06-05T11:41:15+00:00","breadcrumb":{"@id":"https:\/\/eshop.elastolith.sk\/hu\/visszateritesi-es-reklamacios-politika\/#breadcrumb"},"inLanguage":"hu","potentialAction":[{"@type":"ReadAction","target":["https:\/\/eshop.elastolith.sk\/hu\/visszateritesi-es-reklamacios-politika\/"]}]},{"@type":"BreadcrumbList","@id":"https:\/\/eshop.elastolith.sk\/hu\/visszateritesi-es-reklamacios-politika\/#breadcrumb","itemListElement":[{"@type":"ListItem","position":1,"name":"Home","item":"https:\/\/eshop.elastolith.sk\/hu\/"},{"@type":"ListItem","position":2,"name":"Visszat\u00e9r\u00edt\u00e9si \u00e9s reklam\u00e1ci\u00f3s felt\u00e9telek"}]},{"@type":"WebSite","@id":"https:\/\/eshop.elastolith.sk\/hu\/#website","url":"https:\/\/eshop.elastolith.sk\/hu\/","name":"Tehlov\u00e9 obklady Elastolith","description":"","publisher":{"@id":"https:\/\/eshop.elastolith.sk\/hu\/#organization"},"potentialAction":[{"@type":"SearchAction","target":{"@type":"EntryPoint","urlTemplate":"https:\/\/eshop.elastolith.sk\/hu\/?s={search_term_string}"},"query-input":"required name=search_term_string"}],"inLanguage":"hu"},{"@type":"Organization","@id":"https:\/\/eshop.elastolith.sk\/hu\/#organization","name":"Tehlov\u00e9 obklady Elastolith","url":"https:\/\/eshop.elastolith.sk\/hu\/","logo":{"@type":"ImageObject","inLanguage":"hu","@id":"https:\/\/eshop.elastolith.sk\/hu\/#\/schema\/logo\/image\/","url":"https:\/\/eshop.elastolith.sk\/wp-content\/uploads\/2024\/06\/cropped-elastolith-logo.jpg","contentUrl":"https:\/\/eshop.elastolith.sk\/wp-content\/uploads\/2024\/06\/cropped-elastolith-logo.jpg","width":906,"height":321,"caption":"Tehlov\u00e9 obklady Elastolith"},"image":{"@id":"https:\/\/eshop.elastolith.sk\/hu\/#\/schema\/logo\/image\/"}}]}},"_links":{"self":[{"href":"https:\/\/eshop.elastolith.sk\/hu\/wp-json\/wp\/v2\/pages\/9117","targetHints":{"allow":["GET"]}}],"collection":[{"href":"https:\/\/eshop.elastolith.sk\/hu\/wp-json\/wp\/v2\/pages"}],"about":[{"href":"https:\/\/eshop.elastolith.sk\/hu\/wp-json\/wp\/v2\/types\/page"}],"author":[{"embeddable":true,"href":"https:\/\/eshop.elastolith.sk\/hu\/wp-json\/wp\/v2\/users\/1"}],"replies":[{"embeddable":true,"href":"https:\/\/eshop.elastolith.sk\/hu\/wp-json\/wp\/v2\/comments?post=9117"}],"version-history":[{"count":5,"href":"https:\/\/eshop.elastolith.sk\/hu\/wp-json\/wp\/v2\/pages\/9117\/revisions"}],"predecessor-version":[{"id":9334,"href":"https:\/\/eshop.elastolith.sk\/hu\/wp-json\/wp\/v2\/pages\/9117\/revisions\/9334"}],"wp:attachment":[{"href":"https:\/\/eshop.elastolith.sk\/hu\/wp-json\/wp\/v2\/media?parent=9117"}],"curies":[{"name":"wp","href":"https:\/\/api.w.org\/{rel}","templated":true}]}}